{"id":19733,"date":"2018-12-03T15:36:42","date_gmt":"2018-12-03T14:36:42","guid":{"rendered":"http:\/\/lasoleiadoix.cat\/politica-de-privacitat\/"},"modified":"2019-09-30T18:19:47","modified_gmt":"2019-09-30T16:19:47","slug":"politica-de-privacidad","status":"publish","type":"page","link":"https:\/\/lasoleiadoix.cat\/es\/politica-de-privacidad\/","title":{"rendered":"Pol\u00edtica de privacidad"},"content":{"rendered":"<p><strong>POL\u00cdTICA DE PRIVACIDAD<\/strong><\/p>\n<p>MARIA CARMEN GONGORA FERNANDEZ con CIF 39169971M con domicilio en MAS CAN VILA S\/N,<br \/>\nOIX (GERONA), 17856 es titular del sitio web WWW.@LASOLEIADOIX.CAT y responsable del tratamiento<br \/>\nde los datos de car\u00e1cter personal que los usuarios suministran a trav\u00e9s de este sitio web.<br \/>\nMARIA CARMEN GONGORA FERNANDEZ informa a los usuarios de este sitio web sobre su pol\u00edtica<br \/>\nrespecto del tratamiento y protecci\u00f3n de los datos de car\u00e1cter personal de los usuarios y clientes que<br \/>\npuedan ser recabados por la navegaci\u00f3n y uso de este sitio web.<br \/>\nLa finalidad de este documento es informar a los usuarios sobre qu\u00e9 hacemos con sus datos personales,<br \/>\nc\u00f3mo se recaban, para qu\u00e9 se utilizan, los derechos que les asisten as\u00ed como toda la informaci\u00f3n<br \/>\nnecesaria establecida por la normativa vigente.<br \/>\nAl utilizar este sitio web entendemos que ha le\u00eddo y comprendido la informaci\u00f3n que se expone en<br \/>\nrelaci\u00f3n con el tratamiento de sus datos de car\u00e1cter personal.<br \/>\nNuestro principal objetivo es tratar los datos personales de una forma l\u00edcita, leal y transparente.<\/p>\n<p><strong>Datos recabados, finalidad y licitud<\/strong><br \/>\nLos datos de car\u00e1cter personal tratados son los aportados por los usuarios a trav\u00e9s de los formularios<br \/>\ndisponibles en este sitio web y son los m\u00ednimos exigibles para poder enviarle informaci\u00f3n sobre nuestros<br \/>\nproductos \/ servicios, poder realizar pedidos, as\u00ed como poder elaborar las facturas correspondientes,<br \/>\ninformar sobre el estado de los pedidos, atender reclamaciones y cualquier otra gesti\u00f3n derivada de la<br \/>\nprestaci\u00f3n del servicio realizado a trav\u00e9s de este sitio web.<br \/>\nDichas finalidades est\u00e1n basadas en principios legales de tratamiento de los datos recogidos por la<br \/>\nnormativa vigente: para la ejecuci\u00f3n de un contrato o la prestaci\u00f3n de un servicio a los usuarios, para el<br \/>\ncumplimiento de obligaciones legales, por el inter\u00e9s leg\u00edtimo y con el consentimiento de los usuarios.<\/p>\n<p><strong>Datos recabados para la solicitud de informaci\u00f3n a trav\u00e9s del formulario web.<\/strong><br \/>\nLos datos personales recabados a trav\u00e9s del formulario web para la petici\u00f3n de informaci\u00f3n tienen<br \/>\ncomo finalidad el env\u00edo de informaci\u00f3n comercial sobre nuestros productos y servicios.<br \/>\nEl tratamiento de los datos en este caso concreto est\u00e1 legitimado por el consentimiento expreso que<br \/>\nusted nos presta al aceptar el env\u00edo de la informaci\u00f3n aportada a trav\u00e9s del formulario.<\/p>\n<p><strong>Operaciones que se realizan con los datos personales<\/strong><br \/>\nLos datos de car\u00e1cter personal son registrados a trav\u00e9s de la web y conservados en soportes<br \/>\nelectr\u00f3nicos controlados y supervisados por el responsable del tratamiento. Los soportes cuentan con las<br \/>\nmedidas t\u00e9cnicas y organizativas necesarias que garantizan la debida confidencialidad en el tratamiento<br \/>\nde los datos.<br \/>\nEl personal implicado en las operaciones de tratamiento de datos: acceso, edici\u00f3n, borrado, etc\u2026 est\u00e1<br \/>\ncapacitado para ello y est\u00e1 formado y comprometido con nuestra pol\u00edtica de protecci\u00f3n de datos.<\/p>\n<p><strong>Conservaci\u00f3n de los datos<\/strong><br \/>\nLos datos de car\u00e1cter personal se conservar\u00e1n el tiempo que sea necesario para poder atender la<br \/>\nfinalidad \/ finalidades para los que fueron.<br \/>\nPor lo tanto mantendremos su informaci\u00f3n personal mientras exista una relaci\u00f3n contractual y\/o<br \/>\ncomercial con usted o mientras usted no ejerza su derecho de supresi\u00f3n, cancelaci\u00f3n y\/o limitaci\u00f3n del<br \/>\ntratamiento de sus datos.<br \/>\nEn estos casos, mantendremos la informaci\u00f3n debidamente bloqueada, sin darle ning\u00fan uso, mientras<br \/>\npueda ser necesaria para el ejercicio o defensa de reclamaciones o pueda derivarse alg\u00fan tipo de<br \/>\nresponsabilidad judicial, legal o contractual de su tratamiento, que deba ser atendida y para lo cual sea<br \/>\nnecesaria su recuperaci\u00f3n.<\/p>\n<p><strong>Protecci\u00f3n de los menores<\/strong><br \/>\nEsta p\u00e1gina web no est\u00e1 dirigida a usuarios menores de edad. Si usted es menor de edad, por favor no<br \/>\nintente registrarse como usuario. Si descubrimos que por error hemos obtenido informaci\u00f3n personal de<br \/>\nun menor, eliminaremos dicha informaci\u00f3n lo antes posible.<\/p>\n<p><strong>Destinatarios de sus datos personales<\/strong><br \/>\nInformamos a los usuarios de que sus datos personales no ser\u00e1n comunicados a terceros, con la<br \/>\nsalvedad de que dicha comunicaci\u00f3n de datos est\u00e9 amparada en una obligaci\u00f3n legal o cuando para la<br \/>\ncorrecta prestaci\u00f3n del servicio o la ejecuci\u00f3n del contrato sea necesario comunicar sus datos a otros<br \/>\nresponsables como pueden ser otras empresas del grupo, encargados del tratamiento.<br \/>\nPara los casos en los que la comunicaci\u00f3n de datos a terceros no est\u00e9 amparada en las bases legales<br \/>\nestablecidas en el apartado anterior, la comunicaci\u00f3n de datos a otros destinatarios s\u00f3lo se realizar\u00e1 si<br \/>\nel usuario ha dado su consentimiento expreso.<br \/>\nMARIA CARMEN GONGORA FERNANDEZ mantiene unos criterios estrictos de selecci\u00f3n de encargados<br \/>\nde tratamiento y se compromete contractualmente con cada uno a cumplir y hacer cumplir las obligaciones<br \/>\nestablecidas en materia de protecci\u00f3n de datos.<\/p>\n<p><strong>Ejercicio de los derechos<\/strong><br \/>\nDe acuerdo con los derechos que confiere la normativa vigente en materia de protecci\u00f3n de datos de<br \/>\ncar\u00e1cter personal, el usuario podr\u00e1 ejercer los derechos de acceso, rectificaci\u00f3n, limitaci\u00f3n de<br \/>\ntratamiento, supresi\u00f3n, portabilidad y oposici\u00f3n al tratamiento de sus datos dirigiendo su petici\u00f3n a la<br \/>\ndirecci\u00f3n postal indicada o al correo electr\u00f3nico INFO@LASOLEIADOIX.CAT<\/p>\n<p>Para el ejercicio de los derechos deber\u00e1 identificarse mediante la presentaci\u00f3n de su DNI.<br \/>\nPara cualquier reclamaci\u00f3n puede dirigirse al mismo correo indicado. Igualmente podr\u00e1 dirigirse a la<br \/>\nAgencia Espa\u00f1ola de Protecci\u00f3n de Datos: www.agpd.es<\/p>\n","protected":false},"excerpt":{"rendered":"<p>POL\u00cdTICA DE PRIVACIDAD MARIA CARMEN GONGORA FERNANDEZ con CIF 39169971M [&hellip;]<\/p>\n","protected":false},"author":3,"featured_media":0,"parent":0,"menu_order":4,"comment_status":"closed","ping_status":"closed","template":"","meta":{"_acf_changed":false,"_monsterinsights_skip_tracking":false,"_monsterinsights_sitenote_active":false,"_monsterinsights_sitenote_note":"","_monsterinsights_sitenote_category":0,"footnotes":""},"class_list":["post-19733","page","type-page","status-publish","hentry"],"acf":[],"yoast_head":"<!-- This site is optimized with the Yoast SEO plugin v27.5 - https:\/\/yoast.com\/product\/yoast-seo-wordpress\/ -->\n<title>Pol\u00edtica de privacidad - La soleia d&#039;Oix<\/title>\n<meta name=\"description\" content=\"POL\u00cdTICA DE PRIVACIDAD MARIA CARMEN GONGORA FERNANDEZ con CIF 39169971M con domicilio en MAS CAN VILA S\/N, OIX (GERONA), 17856 es titular del sitio web\" \/>\n<meta name=\"robots\" content=\"index, follow, max-snippet:-1, max-image-preview:large, max-video-preview:-1\" \/>\n<link rel=\"canonical\" href=\"https:\/\/lasoleiadoix.cat\/es\/politica-de-privacidad\/\" \/>\n<meta property=\"og:locale\" content=\"es_ES\" \/>\n<meta property=\"og:type\" content=\"article\" \/>\n<meta property=\"og:title\" content=\"Pol\u00edtica de privacidad - La soleia d&#039;Oix\" \/>\n<meta property=\"og:description\" content=\"POL\u00cdTICA DE PRIVACIDAD MARIA CARMEN GONGORA FERNANDEZ con CIF 39169971M con domicilio en MAS CAN VILA S\/N, OIX (GERONA), 17856 es titular del sitio web\" \/>\n<meta property=\"og:url\" content=\"https:\/\/lasoleiadoix.cat\/es\/politica-de-privacidad\/\" \/>\n<meta property=\"og:site_name\" content=\"La soleia d&#039;Oix\" \/>\n<meta property=\"article:modified_time\" content=\"2019-09-30T16:19:47+00:00\" \/>\n<meta name=\"twitter:card\" content=\"summary_large_image\" \/>\n<meta name=\"twitter:label1\" content=\"Tiempo de lectura\" \/>\n\t<meta name=\"twitter:data1\" content=\"5 minutos\" \/>\n<script type=\"application\/ld+json\" class=\"yoast-schema-graph\">{\"@context\":\"https:\\\/\\\/schema.org\",\"@graph\":[{\"@type\":\"WebPage\",\"@id\":\"https:\\\/\\\/lasoleiadoix.cat\\\/es\\\/politica-de-privacidad\\\/\",\"url\":\"https:\\\/\\\/lasoleiadoix.cat\\\/es\\\/politica-de-privacidad\\\/\",\"name\":\"Pol\u00edtica de privacidad - La soleia d&#039;Oix\",\"isPartOf\":{\"@id\":\"https:\\\/\\\/lasoleiadoix.cat\\\/#website\"},\"datePublished\":\"2018-12-03T14:36:42+00:00\",\"dateModified\":\"2019-09-30T16:19:47+00:00\",\"description\":\"POL\u00cdTICA DE PRIVACIDAD MARIA CARMEN GONGORA FERNANDEZ con CIF 39169971M con domicilio en MAS CAN VILA S\\\/N, OIX (GERONA), 17856 es titular del sitio web\",\"breadcrumb\":{\"@id\":\"https:\\\/\\\/lasoleiadoix.cat\\\/es\\\/politica-de-privacidad\\\/#breadcrumb\"},\"inLanguage\":\"es\",\"potentialAction\":[{\"@type\":\"ReadAction\",\"target\":[\"https:\\\/\\\/lasoleiadoix.cat\\\/es\\\/politica-de-privacidad\\\/\"]}]},{\"@type\":\"BreadcrumbList\",\"@id\":\"https:\\\/\\\/lasoleiadoix.cat\\\/es\\\/politica-de-privacidad\\\/#breadcrumb\",\"itemListElement\":[{\"@type\":\"ListItem\",\"position\":1,\"name\":\"Home\",\"item\":\"https:\\\/\\\/lasoleiadoix.cat\\\/es\\\/\"},{\"@type\":\"ListItem\",\"position\":2,\"name\":\"Pol\u00edtica de privacidad\"}]},{\"@type\":\"WebSite\",\"@id\":\"https:\\\/\\\/lasoleiadoix.cat\\\/#website\",\"url\":\"https:\\\/\\\/lasoleiadoix.cat\\\/\",\"name\":\"La soleia d&#039;Oix\",\"description\":\"Som un petit c\u00e0mping de muntanya situat a l&#039;Espai d&#039;Inter\u00e8s Natural de l&#039;Alta Garrotxa\",\"publisher\":{\"@id\":\"https:\\\/\\\/lasoleiadoix.cat\\\/#organization\"},\"potentialAction\":[{\"@type\":\"SearchAction\",\"target\":{\"@type\":\"EntryPoint\",\"urlTemplate\":\"https:\\\/\\\/lasoleiadoix.cat\\\/?s={search_term_string}\"},\"query-input\":{\"@type\":\"PropertyValueSpecification\",\"valueRequired\":true,\"valueName\":\"search_term_string\"}}],\"inLanguage\":\"es\"},{\"@type\":\"Organization\",\"@id\":\"https:\\\/\\\/lasoleiadoix.cat\\\/#organization\",\"name\":\"La soleia d&#039;Oix\",\"url\":\"https:\\\/\\\/lasoleiadoix.cat\\\/\",\"logo\":{\"@type\":\"ImageObject\",\"inLanguage\":\"es\",\"@id\":\"https:\\\/\\\/lasoleiadoix.cat\\\/#\\\/schema\\\/logo\\\/image\\\/\",\"url\":\"https:\\\/\\\/lasoleiadoix.cat\\\/wp-content\\\/uploads\\\/logo-1.png\",\"contentUrl\":\"https:\\\/\\\/lasoleiadoix.cat\\\/wp-content\\\/uploads\\\/logo-1.png\",\"width\":468,\"height\":120,\"caption\":\"La soleia d&#039;Oix\"},\"image\":{\"@id\":\"https:\\\/\\\/lasoleiadoix.cat\\\/#\\\/schema\\\/logo\\\/image\\\/\"}}]}<\/script>\n<!-- \/ Yoast SEO plugin. -->","yoast_head_json":{"title":"Pol\u00edtica de privacidad - La soleia d&#039;Oix","description":"POL\u00cdTICA DE PRIVACIDAD MARIA CARMEN GONGORA FERNANDEZ con CIF 39169971M con domicilio en MAS CAN VILA S\/N, OIX (GERONA), 17856 es titular del sitio web","robots":{"index":"index","follow":"follow","max-snippet":"max-snippet:-1","max-image-preview":"max-image-preview:large","max-video-preview":"max-video-preview:-1"},"canonical":"https:\/\/lasoleiadoix.cat\/es\/politica-de-privacidad\/","og_locale":"es_ES","og_type":"article","og_title":"Pol\u00edtica de privacidad - La soleia d&#039;Oix","og_description":"POL\u00cdTICA DE PRIVACIDAD MARIA CARMEN GONGORA FERNANDEZ con CIF 39169971M con domicilio en MAS CAN VILA S\/N, OIX (GERONA), 17856 es titular del sitio web","og_url":"https:\/\/lasoleiadoix.cat\/es\/politica-de-privacidad\/","og_site_name":"La soleia d&#039;Oix","article_modified_time":"2019-09-30T16:19:47+00:00","twitter_card":"summary_large_image","twitter_misc":{"Tiempo de lectura":"5 minutos"},"schema":{"@context":"https:\/\/schema.org","@graph":[{"@type":"WebPage","@id":"https:\/\/lasoleiadoix.cat\/es\/politica-de-privacidad\/","url":"https:\/\/lasoleiadoix.cat\/es\/politica-de-privacidad\/","name":"Pol\u00edtica de privacidad - La soleia d&#039;Oix","isPartOf":{"@id":"https:\/\/lasoleiadoix.cat\/#website"},"datePublished":"2018-12-03T14:36:42+00:00","dateModified":"2019-09-30T16:19:47+00:00","description":"POL\u00cdTICA DE PRIVACIDAD MARIA CARMEN GONGORA FERNANDEZ con CIF 39169971M con domicilio en MAS CAN VILA S\/N, OIX (GERONA), 17856 es titular del sitio web","breadcrumb":{"@id":"https:\/\/lasoleiadoix.cat\/es\/politica-de-privacidad\/#breadcrumb"},"inLanguage":"es","potentialAction":[{"@type":"ReadAction","target":["https:\/\/lasoleiadoix.cat\/es\/politica-de-privacidad\/"]}]},{"@type":"BreadcrumbList","@id":"https:\/\/lasoleiadoix.cat\/es\/politica-de-privacidad\/#breadcrumb","itemListElement":[{"@type":"ListItem","position":1,"name":"Home","item":"https:\/\/lasoleiadoix.cat\/es\/"},{"@type":"ListItem","position":2,"name":"Pol\u00edtica de privacidad"}]},{"@type":"WebSite","@id":"https:\/\/lasoleiadoix.cat\/#website","url":"https:\/\/lasoleiadoix.cat\/","name":"La soleia d&#039;Oix","description":"Som un petit c\u00e0mping de muntanya situat a l&#039;Espai d&#039;Inter\u00e8s Natural de l&#039;Alta Garrotxa","publisher":{"@id":"https:\/\/lasoleiadoix.cat\/#organization"},"potentialAction":[{"@type":"SearchAction","target":{"@type":"EntryPoint","urlTemplate":"https:\/\/lasoleiadoix.cat\/?s={search_term_string}"},"query-input":{"@type":"PropertyValueSpecification","valueRequired":true,"valueName":"search_term_string"}}],"inLanguage":"es"},{"@type":"Organization","@id":"https:\/\/lasoleiadoix.cat\/#organization","name":"La soleia d&#039;Oix","url":"https:\/\/lasoleiadoix.cat\/","logo":{"@type":"ImageObject","inLanguage":"es","@id":"https:\/\/lasoleiadoix.cat\/#\/schema\/logo\/image\/","url":"https:\/\/lasoleiadoix.cat\/wp-content\/uploads\/logo-1.png","contentUrl":"https:\/\/lasoleiadoix.cat\/wp-content\/uploads\/logo-1.png","width":468,"height":120,"caption":"La soleia d&#039;Oix"},"image":{"@id":"https:\/\/lasoleiadoix.cat\/#\/schema\/logo\/image\/"}}]}},"_links":{"self":[{"href":"https:\/\/lasoleiadoix.cat\/es\/wp-json\/wp\/v2\/pages\/19733","targetHints":{"allow":["GET"]}}],"collection":[{"href":"https:\/\/lasoleiadoix.cat\/es\/wp-json\/wp\/v2\/pages"}],"about":[{"href":"https:\/\/lasoleiadoix.cat\/es\/wp-json\/wp\/v2\/types\/page"}],"author":[{"embeddable":true,"href":"https:\/\/lasoleiadoix.cat\/es\/wp-json\/wp\/v2\/users\/3"}],"replies":[{"embeddable":true,"href":"https:\/\/lasoleiadoix.cat\/es\/wp-json\/wp\/v2\/comments?post=19733"}],"version-history":[{"count":2,"href":"https:\/\/lasoleiadoix.cat\/es\/wp-json\/wp\/v2\/pages\/19733\/revisions"}],"predecessor-version":[{"id":21017,"href":"https:\/\/lasoleiadoix.cat\/es\/wp-json\/wp\/v2\/pages\/19733\/revisions\/21017"}],"wp:attachment":[{"href":"https:\/\/lasoleiadoix.cat\/es\/wp-json\/wp\/v2\/media?parent=19733"}],"curies":[{"name":"wp","href":"https:\/\/api.w.org\/{rel}","templated":true}]}}